{"version":"1.0","provider_name":"Lilaliba","provider_url":"https:\/\/lilaliba.cafeblog.hu","author_name":"Sz\u00fcletettfeles\u00e9g","author_url":"https:\/\/lilaliba.cafeblog.hu\/author\/szuletettfeleseg-2\/","title":"Lev\u00e9l Anyuk\u00e1mnak...","html":"<p>Dr\u00e1ga Anyuk\u00e1m!<\/p>\r\n<p>Sok minden t\u00f6rt\u00e9nt, ami\u00f3ta elment\u00e9l, \u00e9s itt hagyt\u00e1l benn\u00fcnket. Hogy id\u0151rendi sorrendben \u00edrjak, h\u00e1t el\u0151sz\u00f6r is le kell \u00edrnom, hogy sajnos Dia \u00e9s Attila kapcsolat\u00e1b\u00f3l nem lett semmi. Tudod, gyakran mondtam Neked, hogy Dia egy\u00e1ltal\u00e1n nem t\u0171nik boldognak, h\u00e1t szerencs\u00e9re \u00edgy d\u00f6nt\u00f6tt, hogy szak\u00edtott Attil\u00e1val. Akkor, amikor kij\u00f6ttek t\u0151led a k\u00f3rh\u00e1zb\u00f3l, akkor h\u00fazta le a karikagy\u0171r\u0171t az ujj\u00e1r\u00f3l, \u00e9s ott a h\u00eddon adta Attila kez\u00e9be, hogy \u0151 m\u00e1r befejezi a kapcsolatot. Nem is tudom, mikor k\u00f6lt\u00f6z\u00f6tt hozz\u00e1d, a temet\u00e9s el\u0151tt, vagy ink\u00e1bb ut\u00e1na? Tudod, neked is mondta, hogy hozz\u00e1d k\u00f6lt\u00f6zne, \u00e9s azt mondtad, j\u00f3l van, gyere. Igen, abban az \u00e9vben csin\u00e1lta meg angolb\u00f3l a fels\u0151fok\u00fa nyelvvizsg\u00e1t,\u00a0 \u00e9s ut\u00e1na k\u00e9sz\u00fclt a francia nyelvvizsg\u00e1ra, sz\u00e9gyellte is, hogy a k\u00f3rh\u00e1zi \u00e1gyad mellett is tanul.\u00a0 A k\u00f6vetkez\u0151 ny\u00e1ron pedig megv\u00e9dte a doktorij\u00e1t. Eml\u00e9kszel, m\u00e9g veled is megbesz\u00e9lte, hogy a peszticidek fotodegrad\u00e1ci\u00f3s mechanizmus\u00e1nak elemz\u00e9se \u00e9s vizsg\u00e1lata mit jelent. Ekkor m\u00e1r alakul\u00f3ban volt n\u00e1la egy \u00faj szerelem, Feri ott volt a v\u00e9d\u00e9sen, \u00e9s a doktorr\u00e1 avat\u00e1son is. Nagyon sz\u00e9p \u00e9s meghat\u00f3 \u00fcnneps\u00e9g volt, legsz\u00edvesebben v\u00e9gig b\u0151gtem volna az eg\u00e9szet, ahogy \u00f6regszem, egyre \u00e9rz\u00e9kenyebb vagyok. K\u00e1r, hogy nem lehett\u00e9l ott.<\/p>\r\n<p>A k\u00f6vetkez\u0151 \u00e9v a 2013, h\u00e1t az is esem\u00e9nyd\u00fasan telt el. K\u00e9pzeld, Di\u00e1cska vett egy h\u00e1zat Szarvask\u0151ben. \u00c9n nem annyira \u00e9rtettem meg ezt a l\u00e9p\u00e9s\u00e9t, de h\u00e1t \u0151 szeretett volna valamit, ami saj\u00e1t, csak az \u00f6v\u00e9. El\u0151sz\u00f6r egy lak\u00e1sban gondolkodott, de azt\u00e1n ink\u00e1bb a vid\u00e9ki h\u00e1z mellett d\u00f6nt\u00f6tt. Volt vele milli\u00f3 gond, rengeteget dolgozott rajta, de m\u00e1ra m\u00e1r egy mesebeli h\u00e1zik\u00f3t var\u00e1zsolt bel\u0151le. K\u00f6zel van, \u00e9s b\u00e1rmikor ott lehet t\u00f6lteni\u00a0 egy napot, vagy ak\u00e1r heteket is a ny\u00e1ri sz\u00fcnetben. Sokkal h\u0171v\u00f6sebb van, mint a v\u00e1rosban, oda nem kell kl\u00edma. N\u00e9ha nem is \u00e9rtem, hogy hogy szorult ebbe a l\u00e1nyba ennyi energia, szorgalom. Nem tud nyugton meg\u00fclni. Mindek\u00f6zben pedig \u00f6sszeb\u00fatorozott Ferivel, velem pedig k\u00f6z\u00f6lte, hogy akkor k\u00f6lt\u00f6zzek haza. \u00dagyhogy ny\u00e1ron nem volt pardon, lek\u00f6lt\u00f6ztem a harmadikr\u00f3l a sz\u00fcl\u0151i h\u00e1zba. El\u00e9g sok mel\u00f3 volt vele, na de h\u00e1t te is megmondtad: hogy ha majd idek\u00f6lt\u00f6z\u00f6l, azt csin\u00e1lsz itt, amit akarsz. H\u00e1t \u00e9n \u00e1th\u00fazattam a villanyvezet\u00e9ket, azt\u00e1n festettem k\u00edv\u00fcl-bel\u00fcl, a kapukat is, \u00e9s a konyhaablak hely\u00e9re ajt\u00f3t rakattunk, a cementlapra meg szalagparkett\u00e1t, t\u00e9nyleg minden nagyon sz\u00e9p, \u00f6r\u00fcln\u00e9l, ha l\u00e1tn\u00e1d. Ja, \u00e9s a tet\u0151 is fel lett \u00faj\u00edtva, meg a f\u00fcrd\u0151szoba, azzal kezdt\u00fck, m\u00e9g amikor Dia lakott itt. <\/p>\r\n<p>Azt\u00e1n a k\u00f6vetkez\u0151 \u00e9vben, 2014 nyar\u00e1n \u00f6sszeh\u00e1zasodtak Ferivel. Nagyon sz\u00e9p menyasszony volt, itt a k\u00e9p a falon, kitettem a \"gal\u00e9ri\u00e1dba\". Szolid esk\u00fcv\u0151 volt, csak a sz\u0171k csal\u00e1d vett r\u00e9szt rajta, Zolt\u00e1n volt az esk\u00fcv\u0151i tan\u00faja. Lehet, hogy kisl\u00e1nykor\u00e1ban nem ilyen esk\u00fcv\u0151r\u0151l \u00e1lmodott, de tudod, hogy \u0151 soha nem volt nagyrav\u00e1gy\u00f3. A k\u00f6vetkez\u0151 h\u00f3napban pedig m\u00e1r meg is bizonyosodhattunk r\u00f3la, hogy j\u00f6v\u0151re kopogtat hozz\u00e1juk a g\u00f3lya. 2015 nyar\u00e1n pedig megsz\u00fcletett Emma, a t\u00fcnd\u00e9rbaba, aki nem egy \u00e1tlagos csecsem\u0151 volt, de az \u00e9desanyja nagy t\u00fcrelemmel volt vele. Most m\u00e1r 2 \u00e9ves m\u00falt, nagyon okos, nagy kofa, \u00e9s nagyon hasonl\u00edt Di\u00e1csk\u00e1ra. Szeretn\u00e9nek testv\u00e9rk\u00e9t is neki, de egyel\u0151re nem akar \u00f6sszej\u00f6nni. B\u00edzom benne, hogy az\u00e9rt siker\u00fclni fog.<\/p>\r\n<p>No, hogy Zolt\u00e1n\u00e9kr\u00f3l is \u00edrjak, ott is voltak esem\u00e9nyek! Ugye 2011-ben megsz\u00fcletett az els\u0151 d\u00e9dunok\u00e1d, Leona, vele m\u00e9g tal\u00e1lkozt\u00e1l. Mire 2 \u00e9ves lett ez a kisl\u00e1ny, m\u00e1r ott is volt a kis\u00f6ccse, Leon\u00e1rd. Sokat mentem hozz\u00e1juk is, vittem az ennival\u00f3t, ablakot pucoltam, seg\u00edtettem amiben tudtam, egyik kicsi, m\u00e1sik pici. Le a kalappal Krisztina el\u0151tt, hogy \u00edgy bev\u00e1llalta, hogy m\u00e9g seg\u00edts\u00e9ge sincs, csak ha \u00e9n, vagy az anyja felutazunk Budapestre. Zolt\u00e1n sokat dolgozott, a mai napig nagyon hajt, mindig dolgozik, szerencs\u00e9m van, hogy ilyen szorgalmas gyerekeim vannak. Egyszer csak Krisztina kital\u00e1lta, hogy ez a h\u00e1z nekik kicsi. Nagyobb k\u00e9ne. Azt\u00e1n egyszer csak, 2015 tavasz\u00e1n bejelentett\u00e9k, hogy eladt\u00e1k a h\u00e1zat, \u00e9s \u00e9p\u00edtkez\u00e9sbe fogtak. H\u00e1t, nem \u00f6r\u00fcltem neki, de r\u00e1juk b\u00edztam, mondv\u00e1n, azt csin\u00e1ltok, amit akartok. Igen \u00e1m, de ahogy szokott lenni, az \u00faj h\u00e1znak m\u00e9g csak a falai \u00e1lltak, amikor a r\u00e9git el kellett hagyni. K\u00e9rdeztem is, hogy n\u00e9ztetek-e m\u00e1r alb\u00e9rletet, de azt mondt\u00e1k, hogy nekik arra nincsen p\u00e9nz\u00fck. Akkor hogy gondolt\u00e1tok? El\u0151sz\u00f6r a Dia szarvask\u0151i h\u00e1z\u00e1ba akartak menni, de mondtam, hogy arr\u00f3l sz\u00f3 sem lehet, \u00edgy azt\u00e1n az eg\u00e9sz banda ide k\u00f6lt\u00f6z\u00f6tt \u00e9nhozz\u00e1m, m\u00e9g a 2 macsk\u00e1t is hozt\u00e1k. Arr\u00f3l volt sz\u00f3, hogy 2-3 h\u00f3nap alatt annyira lakhat\u00f3 lesz, hogy k\u00f6lt\u00f6zhetnek, de h\u00e1t csak a hitelt 3 h\u00f3nap m\u00falva kapt\u00e1k meg. \u00cdgy azt\u00e1n 7 h\u00f3napig itt laktak, nagy \u00f6r\u00f6m\u00f6mre. A v\u00e9g\u00e9re m\u00e1r mindenki \u00f6sszeveszett mindenkivel, t\u00e9nyleg, senkinek sem volt ez \u00edgy j\u00f3. Most m\u00e1r t\u00fal vagyunk rajta, \u00e9s csak a sz\u00e9pre eml\u00e9kez\u00fcnk.<\/p>\r\n<p>A m\u00falt \u00e9v viszonylag nyugodtan telt. Zolt\u00e1n\u00e9k az \u00faj h\u00e1zban, mind a k\u00e9t gyerek m\u00e1r \u00f3vod\u00e1s, \u00e9s Kriszti is dolgozik. Persze a h\u00e1z m\u00e9g nincs k\u00e9sz, de lakhat\u00f3, \u00e9s ha lassan is, de haladnak. V\u00e1rtak volna m\u00e9g valami \u00e1fa visszat\u00e9r\u00edt\u00e9sre, ami l\u00f6k\u00f6tt volna rajtuk anyagilag, de azt hiszem, nem kapt\u00e1k meg. Ugye \u00e9n sok p\u00e9nzzel seg\u00edtettem nekik az els\u0151 lak\u00e1s v\u00e9tel\u00e9n\u00e9l, azt\u00e1n meg k\u00f6lcs\u00f6n is k\u00e9rtek t\u0151lem a m\u00e1sodik lak\u00e1s v\u00e9gt\u00f6rleszt\u00e9s\u00e9n\u00e9l, \u00e9s h\u00e1t meg sem adt\u00e1k azt a f\u00e9lmilli\u00f3t. Mert h\u00e1t \u00e9n j\u00f3l \u00e9lek, \u0151k meg milyen szeg\u00e9nyek. Megkaptam Krisztin\u00e1t\u00f3l, hogy \u0151 nem \u00f6r\u00f6k\u00f6lt 2 h\u00e1zat, csak ad\u00f3ss\u00e1got, \u00e9n viszont lealjas\u00edtom magamat ennyi p\u00e9nz\u00e9rt.\/Hogy vissza k\u00e9rn\u00e9m.\/ Na, mindegy nem is ideges\u00edtem magam emiatt.<\/p>\r\n<p>Ami\u00f3ta elment\u00e9l, kicsit szabadabban \u00e9lek. Nem kell naponta szaladnom a gy\u00f3gyszereket kik\u00e9sz\u00edteni, \u00e9s este hasba sz\u00farni. Igen, t\u00fcrelmetlen voltam, \u00e9s sz\u00e9gyellem is magamat emiatt. Persze, hogy nagyon hi\u00e1nyzol a mai napig. Gyakran \u00e9rzem, mintha itt lenn\u00e9l velem, nem \u00e9rzem magam egyed\u00fcl itt a h\u00e1zban, pedig egyed\u00fcl \u00e9lek.\u00a0 Mindig, \u00e9s mindenr\u0151l naponta eml\u00e9kezem. Sokszor gondoltam, hogy felh\u00edvlak telefonon, vagy majd ezt elmondom anyuk\u00e1mnak. Azt\u00e1n m\u00e9gsem. Nem tudtam elmes\u00e9lni, hogy mennyi sz\u00e9p utaz\u00e1sokon vettem r\u00e9szt az elm\u00falt \u00e9vekben. L\u00e1ttam P\u00e1rizst, voltam Toszk\u00e1n\u00e1ban, Hollandi\u00e1ban \u00e9s Erd\u00e9lyben, Pr\u00e1g\u00e1ban, \u00e9s a Vaskapun\u00e1l.<\/p>\r\n<p>Eml\u00e9kszel, amikor azt mondtam Neked, hogy ha majd \u00e9n 60 leszek, te meg 80, k\u00e9t \u00f6regasszony lesz\u00fcnk, \u00e9s nevett\u00fcnk, nevett\u00fcnk... Te elment\u00e9l, \u00e9n meg 60 lettem. Tavaly pedig nyugd\u00edjba vonultam. \u00dagy gondolom, hogy nincs is n\u00e1lam boldogabb nyugd\u00edjas kerek-e vil\u00e1gon. Van fed\u00e9l a fejem f\u00f6l\u00f6tt, \u00e9s eg\u00e9szs\u00e9ges vagyok, a nyugd\u00edj meg havonta \u00e9rkezik, \u00e9s nem is kell csin\u00e1lnom semmit se \u00e9rte. Olyan vagyok, mint te. Sokban hasonl\u00edtunk, gyakran kapom magam\u00a0 a te mozdulataidon. Itt alszom, a te szob\u00e1dban, \u00e9s est\u00e9nk\u00e9nt \u00fagy fekszem a TV el\u0151tt, ahogy te is fek\u00fcdt\u00e9l.<\/p>\r\n<p>Dr\u00e1ga Anyuk\u00e1m, azt hiszem minden fontosat le\u00edrtam, ami az\u00f3ta\u00a0 t\u00f6rt\u00e9nt, hogy elment\u00e9l. Elment\u00e9l ma 6 \u00e9ve. \u00c9n pedig most megl\u00e1togatlak, kimegyek hozz\u00e1d a temet\u0151be.<\/p>\r\n<p>Puszil szeret\u0151 l\u00e1nyod.<\/p>\r\n<p>&nbsp;<\/p>\r\n<p>&nbsp;<\/p>\r\n<p>&nbsp;<\/p>\r\n<p>&nbsp;<\/p>\r\n<p>&nbsp;<\/p>","type":"rich"}